{"id":6327,"date":"2020-07-31T16:05:23","date_gmt":"2020-07-31T19:05:23","guid":{"rendered":"http:\/\/fundacionipna.org.ar\/?page_id=6327"},"modified":"2021-07-22T15:26:29","modified_gmt":"2021-07-22T18:26:29","slug":"centro-de-dia","status":"publish","type":"page","link":"https:\/\/fundacionipna.org.ar\/it\/centro-de-dia\/","title":{"rendered":"Centro Diurno"},"content":{"rendered":"<div data-elementor-type=\"wp-page\"  data-elementor-id=\"6327\"  class=\"elementor elementor-6327\"  data-elementor-settings=\"[]\">\n\t\t\t\t\t\t<div class=\"elementor-inner\">\n\t\t\t\t\t\t\t<div class=\"elementor-section-wrap\">\n\t\t\t\t\t\t\t<section data-particle_enable=\"false\"   data-particle-mobile-disabled=\"false\"   class=\"elementor-section elementor-top-section elementor-element elementor-element-deb874e elementor-section-boxed elementor-section-height-default elementor-section-height-default\"   data-id=\"deb874e\" data-element_type=\"section\">\n\t\t\t\t\t\t<div class=\"elementor-container elementor-column-gap-wider\">\n\t\t\t\t\t\t\t<div class=\"elementor-row\">\n\t\t\t\t\t<div class=\"elementor-column elementor-col-50 elementor-top-column elementor-element elementor-element-422be84\"   data-id=\"422be84\"  data-element_type=\"column\">\n\t\t\t<div class=\"elementor-column-wrap elementor-element-populated\">\n\t\t\t\t\t\t\t<div class=\"elementor-widget-wrap\">\n\t\t\t\t\t\t<div class=\"elementor-element elementor-element-f9a1f4c elementor-widget elementor-widget-text-editor\"   data-id=\"f9a1f4c\"   data-element_type=\"widget\"   data-widget_type=\"text-editor.default\">\n\t\t\t\t<div class=\"elementor-widget-container\">\n\t\t\t\t\t<div class=\"elementor-text-editor elementor-clearfix\"><p class=\"western\"><span>Il <strong>Centro Diurno<\/strong> dalle 8.30 alle 16.30. Offre un programma integrale di attivit\u00e0 e servizi per giovani e adulti con disabilit\u00e0 cognitiva, con il principale obiettivo di promuovere la loro autonomia e socializzazione.<\/span><\/p><p class=\"western\" ><span>La sede \u00e8 stata costruita secondo le necessit\u00e0 e gli interessi dei fruitori e si trova in un amplio terreno di 7 ettari, dove si sviluppano attivit\u00e0 di orto e giardinaggio che permettono di stare quotidianamente in contatto con la natura.<\/span><\/p><\/div>\n\t\t\t\t<\/div>\n\t\t\t\t<\/div>\n\t\t\t\t<section data-particle_enable=\"false\"   data-particle-mobile-disabled=\"false\"   class=\"elementor-section elementor-inner-section elementor-element elementor-element-4688f1f elementor-section-boxed elementor-section-height-default elementor-section-height-default\"   data-id=\"4688f1f\"   data-element_type=\"section\">\n\t\t\t\t\t\t<div class=\"elementor-container elementor-column-gap-default\">\n\t\t\t\t\t\t\t<div class=\"elementor-row\">\n\t\t\t\t\t<div class=\"elementor-column elementor-col-33 elementor-inner-column elementor-element elementor-element-0e2b3f6\"   data-id=\"0e2b3f6\" data-element_type=\"column\">\n\t\t\t<div class=\"elementor-column-wrap elementor-element-populated\">\n\t\t\t\t\t\t\t<div class=\"elementor-widget-wrap\">\n\t\t\t\t\t\t<div class=\"elementor-element elementor-element-3a2f6ae elementor-widget elementor-widget-image\"   data-id=\"3a2f6ae\"   data-element_type=\"widget\"  data-widget_type=\"image.default\">\n\t\t\t\t<div class=\"elementor-widget-container\">\n\t\t\t\t\t<div class=\"elementor-image\" >\n\t\t\t\t\t\t\t\t\t\t\t<a href=\"http:\/\/fundacionipna.org.ar\/it\/wp-content\/uploads\/2020\/11\/centrodedia.jpg\/\"  data-elementor-open-lightbox=\"yes\">\n\t\t\t\t\t\t\t<img loading=\"lazy\"   decoding=\"async\"   width=\"768\"   height=\"576\"   src=\"https:\/\/fundacionipna.org.ar\/wp-content\/uploads\/2020\/11\/centrodedia-768x576.jpg\"   class=\"elementor-animation-bob attachment-medium_large size-medium_large\"   alt=\"\"   srcset=\"https:\/\/fundacionipna.org.ar\/wp-content\/uploads\/2020\/11\/centrodedia-768x576.jpg 768w, https:\/\/fundacionipna.org.ar\/wp-content\/uploads\/2020\/11\/centrodedia-300x225.jpg 300w, https:\/\/fundacionipna.org.ar\/wp-content\/uploads\/2020\/11\/centrodedia-480x360.jpg 480w, https:\/\/fundacionipna.org.ar\/wp-content\/uploads\/2020\/11\/centrodedia.jpg 900w\"  sizes=\"(max-width: 768px) 100vw, 768px\" title=\"\" \/>\t\t\t\t\t\t\t\t<\/a>\n\t\t\t\t\t\t\t\t\t\t\t<\/div>\n\t\t\t\t<\/div>\n\t\t\t\t<\/div>\n\t\t\t\t\t\t<\/div>\n\t\t\t\t\t<\/div>\n\t\t<\/div>\n\t\t\t\t<div class=\"elementor-column elementor-col-33 elementor-inner-column elementor-element elementor-element-56e548a\"   data-id=\"56e548a\"   data-element_type=\"column\">\n\t\t\t<div class=\"elementor-column-wrap elementor-element-populated\">\n\t\t\t\t\t\t\t<div class=\"elementor-widget-wrap\">\n\t\t\t\t\t\t<div class=\"elementor-element elementor-element-51660e7 elementor-widget elementor-widget-image\"   data-id=\"51660e7\"   data-element_type=\"widget\"   data-widget_type=\"image.default\">\n\t\t\t\t<div class=\"elementor-widget-container\">\n\t\t\t\t\t<div class=\"elementor-image\">\n\t\t\t\t\t\t\t\t\t\t\t<a href=\"http:\/\/fundacionipna.org.ar\/it\/wp-content\/uploads\/2020\/11\/centrodedia1.jpg\/\"   data-elementor-open-lightbox=\"yes\">\n\t\t\t\t\t\t\t<img loading=\"lazy\"   decoding=\"async\"   width=\"768\"   height=\"576\"   src=\"https:\/\/fundacionipna.org.ar\/wp-content\/uploads\/2020\/11\/centrodedia1-768x576.jpg\"   class=\"elementor-animation-bob attachment-medium_large size-medium_large\"   alt=\"\"   srcset=\"https:\/\/fundacionipna.org.ar\/wp-content\/uploads\/2020\/11\/centrodedia1-768x576.jpg 768w, https:\/\/fundacionipna.org.ar\/wp-content\/uploads\/2020\/11\/centrodedia1-300x225.jpg 300w, https:\/\/fundacionipna.org.ar\/wp-content\/uploads\/2020\/11\/centrodedia1-480x360.jpg 480w, https:\/\/fundacionipna.org.ar\/wp-content\/uploads\/2020\/11\/centrodedia1.jpg 900w\"  sizes=\"(max-width: 768px) 100vw, 768px\" title=\"\" \/>\t\t\t\t\t\t\t\t<\/a>\n\t\t\t\t\t\t\t\t\t\t\t<\/div>\n\t\t\t\t<\/div>\n\t\t\t\t<\/div>\n\t\t\t\t\t\t<\/div>\n\t\t\t\t\t<\/div>\n\t\t<\/div>\n\t\t\t\t<div class=\"elementor-column elementor-col-33 elementor-inner-column elementor-element elementor-element-d5b165c\"   data-id=\"d5b165c\"   data-element_type=\"column\">\n\t\t\t<div class=\"elementor-column-wrap elementor-element-populated\">\n\t\t\t\t\t\t\t<div class=\"elementor-widget-wrap\" >\n\t\t\t\t\t\t<div class=\"elementor-element elementor-element-6a0b490 elementor-widget elementor-widget-image\"   data-id=\"6a0b490\"   data-element_type=\"widget\"   data-widget_type=\"image.default\">\n\t\t\t\t<div class=\"elementor-widget-container\">\n\t\t\t\t\t<div class=\"elementor-image\">\n\t\t\t\t\t\t\t\t\t\t\t<a href=\"http:\/\/fundacionipna.org.ar\/it\/wp-content\/uploads\/2020\/11\/centrodedia2.jpg\/\"   data-elementor-open-lightbox=\"yes\">\n\t\t\t\t\t\t\t<img loading=\"lazy\"   decoding=\"async\"   width=\"768\"   height=\"576\"   src=\"https:\/\/fundacionipna.org.ar\/wp-content\/uploads\/2020\/11\/centrodedia2-768x576.jpg\"   class=\"elementor-animation-bob attachment-medium_large size-medium_large\"   alt=\"\"   srcset=\"https:\/\/fundacionipna.org.ar\/wp-content\/uploads\/2020\/11\/centrodedia2-768x576.jpg 768w, https:\/\/fundacionipna.org.ar\/wp-content\/uploads\/2020\/11\/centrodedia2-300x225.jpg 300w, https:\/\/fundacionipna.org.ar\/wp-content\/uploads\/2020\/11\/centrodedia2-480x360.jpg 480w, https:\/\/fundacionipna.org.ar\/wp-content\/uploads\/2020\/11\/centrodedia2.jpg 900w\"   sizes=\"(max-width: 768px) 100vw, 768px\" title=\"\" \/>\t\t\t\t\t\t\t\t<\/a>\n\t\t\t\t\t\t\t\t\t\t\t<\/div>\n\t\t\t\t<\/div>\n\t\t\t\t<\/div>\n\t\t\t\t\t\t<\/div>\n\t\t\t\t\t<\/div>\n\t\t<\/div>\n\t\t\t\t\t\t\t\t<\/div>\n\t\t\t\t\t<\/div>\n\t\t<\/section>\n\t\t\t\t\t\t<\/div>\n\t\t\t\t\t<\/div>\n\t\t<\/div>\n\t\t\t\t<div class=\"elementor-column elementor-col-50 elementor-top-column elementor-element elementor-element-9870424\"   data-id=\"9870424\"   data-element_type=\"column\">\n\t\t\t<div class=\"elementor-column-wrap elementor-element-populated\">\n\t\t\t\t\t\t\t<div class=\"elementor-widget-wrap\">\n\t\t\t\t\t\t<div class=\"elementor-element elementor-element-387697c elementor-aspect-ratio-169 elementor-widget elementor-widget-video\"   data-id=\"387697c\"   data-element_type=\"widget\"   data-settings=\"{&quot;aspect_ratio&quot;:&quot;169&quot;}\"   data-widget_type=\"video.default\">\n\t\t\t\t<div class=\"elementor-widget-container\">\n\t\t\t\t\t<div class=\"elementor-wrapper elementor-fit-aspect-ratio elementor-open-inline\">\n\t\t\t<iframe class=\"elementor-video-iframe\"   allowfullscreen title=\"youtube Video Player\"   src=\"https:\/\/www.youtube.com\/embed\/2lzm4cbemDc?feature=oembed&start&end&wmode=opaque&loop=0&controls=1&mute=0&rel=0&modestbranding=0\"><\/iframe>\t\t<\/div>\n\t\t\t\t<\/div>\n\t\t\t\t<\/div>\n\t\t\t\t<div class=\"elementor-element elementor-element-1ec17fb elementor-aspect-ratio-169 elementor-widget elementor-widget-video\"   data-id=\"1ec17fb\"   data-element_type=\"widget\"   data-settings=\"{&quot;aspect_ratio&quot;:&quot;169&quot;}\"   data-widget_type=\"video.default\">\n\t\t\t\t<div class=\"elementor-widget-container\">\n\t\t\t\t\t<div class=\"elementor-wrapper elementor-fit-aspect-ratio elementor-open-inline\">\n\t\t\t\t\t<video class=\"elementor-video\"   src=\"https:\/\/fundacionipna.org.ar\/wp-content\/uploads\/2021\/07\/TRAILER-IPNA-UNICEF_1.mp4\"  controls=\"\" controlslist=\"nodownload\"><\/video>\n\t\t\t\t<\/div>\n\t\t\t\t<\/div>\n\t\t\t\t<\/div>\n\t\t\t\t\t\t<\/div>\n\t\t\t\t\t<\/div>\n\t\t<\/div>\n\t\t\t\t\t\t\t\t<\/div>\n\t\t\t\t\t<\/div>\n\t\t<\/section>\n\t\t\t\t\t\t<\/div>\n\t\t\t\t\t\t<\/div>\n\t\t\t\t\t<\/div>","protected":false},"excerpt":{"rendered":"<p>El Centro de D\u00eda funciona de lunes a viernes de 8,30 a 16,30 horas y ofrece un programa integral de actividades y servicios para j\u00f3venes y adultos con discapacidad intelectual con el principal objetivo de promover su autonom\u00eda y socializaci\u00f3n. La sede posee instalaciones totalmente equipadas y adaptadas a las necesidades e intereses de los [&hellip;]<\/p>","protected":false},"author":1,"featured_media":0,"parent":0,"menu_order":0,"comment_status":"closed","ping_status":"closed","template":"","meta":{"footnotes":""},"_links":{"self":[{"href":"https:\/\/fundacionipna.org.ar\/it\/wp-json\/wp\/v2\/pages\/6327"}],"collection":[{"href":"https:\/\/fundacionipna.org.ar\/it\/wp-json\/wp\/v2\/pages"}],"about":[{"href":"https:\/\/fundacionipna.org.ar\/it\/wp-json\/wp\/v2\/types\/page"}],"author":[{"embeddable":true,"href":"https:\/\/fundacionipna.org.ar\/it\/wp-json\/wp\/v2\/users\/1"}],"replies":[{"embeddable":true,"href":"https:\/\/fundacionipna.org.ar\/it\/wp-json\/wp\/v2\/comments?post=6327"}],"version-history":[{"count":11,"href":"https:\/\/fundacionipna.org.ar\/it\/wp-json\/wp\/v2\/pages\/6327\/revisions"}],"predecessor-version":[{"id":8610,"href":"https:\/\/fundacionipna.org.ar\/it\/wp-json\/wp\/v2\/pages\/6327\/revisions\/8610"}],"wp:attachment":[{"href":"https:\/\/fundacionipna.org.ar\/it\/wp-json\/wp\/v2\/media?parent=6327"}],"curies":[{"name":"wp","href":"https:\/\/api.w.org\/{rel}","templated":true}]}}